{"id":584,"date":"2022-01-26T13:28:36","date_gmt":"2022-01-26T13:28:36","guid":{"rendered":"http:\/\/psihologterapeutiasi.ro\/?page_id=584"},"modified":"2024-01-13T12:07:49","modified_gmt":"2024-01-13T12:07:49","slug":"traind-cu-schizofrenia","status":"publish","type":"page","link":"https:\/\/psihologterapeutiasi.ro\/index.php\/traind-cu-schizofrenia\/","title":{"rendered":"Tr\u0103ind cu schizofrenia"},"content":{"rendered":"\n<figure class=\"wp-block-image size-medium is-style-default\"><img decoding=\"async\" src=\"https:\/\/psihologterapeutiasi.ro\/wp-content\/uploads\/2022\/03\/245648206_196839955918277_7810688341169408866_n-3-225x300.png\" alt=\"Tr\u0103ind cu schizofrenia\" class=\"wp-image-617\"\/><figcaption class=\"wp-element-caption\"><strong>Tr\u0103ind cu schizofrenia, 2020, Eliza Geanina Cogian, Adina Nicoleta Karner Hu\u021buleac, Editura Lumen, Ia\u0219i<\/strong><\/figcaption><\/figure>\n\n\n\n<p>Schizofrenia, precum \u015fi alte boli psihice, s-au instalat la om din momentul \u00een care s-a instituit g\u00e2ndirea, con\u015ftiin\u0163a \u015fi limbajul, din momentul dezvolt\u0103rii func\u0163iilor psihice superioare specific umane \u015fi a contur\u0103rii individualit\u0103\u0163ii umane.<\/p>\n\n\n\n<p>Nu ai cum s\u0103 \u0219tii cu adev\u0103rat care este impactul schizofreniei asupra unei persoane diagnosticate cu aceast\u0103 boal\u0103 c\u00e2t \u0219i asupra apar\u021bin\u0103torilor \u0219i familiei implicate \u00een rela\u021bie cu ea, p\u00e2n\u0103 c\u00e2nd nu treci \u00een mod direct sau tangen\u021bial printr-o situa\u021bie asem\u0103n\u0103toare. Aproximativ 1% din popula\u021bia lumii este diagnosticat\u0103 cu schizofrenie, ceea ce \u00eenseamn\u0103 un indicator extrem de important pentru implicarea cercet\u0103torilor pe aceast\u0103 ni\u0219\u0103.<\/p>\n\n\n\n<p>Pasiunea mea pentru patologia psihologic\u0103 \u0219i psihiatric\u0103 m-a f\u0103cut s\u0103 m\u0103 implic \u00een a g\u0103si solu\u021bii eficiente at\u00e2t pentru persoanele de specialitate c\u00e2t \u0219i pentru persoanele diagnosticate cu schizofrenie \u0219i apar\u021bin\u0103torii acestora, concretiz\u00e2ndu-se astfel \u00een cartea \u201eTr\u0103ind cu schizofrenia\u201d, scris\u0103 \u00eempreun\u0103 cu coautoarea Adina N. Karner &#8211; Hu\u021buleac.<\/p>\n\n\n\n<p><strong>Cartea are trei tipuri de abord\u0103ri \u0219i anume:<\/strong><\/p>\n\n\n\n<p><strong>Abordare teoretic\u0103:<\/strong> este <strong>util\u0103 psihologilor<\/strong> pentru \u00eenv\u0103\u021barea sau aprofundarea no\u021biunilor legate de schizofrenie \u0219i tipurile de terapie abordate \u00een tratarea \u0219i ameliorarea pacien\u021bilor diagnostica\u021bi cu schizofrenie; <strong>abordare terapeutic\u0103 metacognitiv\u0103 interpersonal\u0103<\/strong> specific\u0103 pacien\u021bilor diagnostica\u021bi cu schizofrenie \u2013 acest tip de abordare nu a fost adoptat \u00een nici o carte de specialitate \u00een limba rom\u00e2n\u0103 pe nici un fel de pacien\u021bi; <strong>abordare terapeutic\u0103 sistemic\u0103<\/strong> \u2013 acest tip de abordane nu a fost adoptat la pacien\u021bii diagnostica\u021bi cu schizofrenie \u00een nici o carte de specialitate \u00een limba rom\u00e2n\u0103; <strong>abordare cognitiv comportamental\u0103 <\/strong>personalizat\u0103 pe pacien\u021bii diagnostica\u021bi cu schizofrenie \u00een urma unui studiu de specialitate f\u0103cut \u00een cadrul Institutului de Psihiatrie \u201eSocola\u201d din Ia\u0219i; <strong>metode de \u00eembun\u0103t\u0103\u021bire a calit\u0103\u021bii vie\u021bii pacien\u021bilor<\/strong> diagnostica\u021bi cu schizofrenie \u00een urma impactului bolii asupra persoanei.  <\/p>\n\n\n\n<p><strong>Abordare practic\u0103:<\/strong> <strong>planuri de terapie detaliate<\/strong> folositoare psihologilor \u0219i psihoterapeu\u021bilor care lucreaz\u0103 cu pacien\u021bii diagnostica\u021bi cu schizofrenie; este <strong>util\u0103 pacien\u021bilor \u0219i familiilor pacien\u021bilor diagnostica\u021bi cu schizofrenie <\/strong>av\u00e2nd drept scop psiho-educa\u021bia;<\/p>\n\n\n\n<p><strong>Abordare aplicativ\u0103:<\/strong> <strong>exerci\u021bii aplicative practice de auto-ajutorare <\/strong>pentru pacien\u021bii diagnostica\u021bi cu schizofrenie.<\/p>\n\n\n\n<p><strong>Cuprins<\/strong><\/p>\n\n\n\n<p><strong>Capitolul I- Schizofrenia<\/strong>&nbsp;(pp. 9-24)<br>Defini\u0163ii \u015fi date antice despre schizofrenie; Schizofrenia \u00een concep\u0163ia lui Eugene Bleuler; Schizofrenia \u00een concep\u0163ia lui Sigmund Freud; Schizofrenia \u00een concep\u0163ia lui Carl Gustav Jung; Criterii de diagnostic conform DSM-V \u015fi ICD-10-AM; Simptome negative; Forme clinice de schizofrenie; Analizarea \u015fi interpretarea schizofreniei; Mit \u015fi realitate \u00een schizofrenie; Glosarul semnelor \u015fi simptomelor psihiatrice \u00een schizofrenie.<br><strong>Capitolul II \u2013 Calitatea vie\u0163ii pacien\u0163ilor diagnostica\u0163i cu schizofrenie \u015fi a familiilor acestora<\/strong>&nbsp;(pp. 25-32)<br>Conceptul de calitate a vie\u0163ii; Dimensiunile calit\u0103\u0163ii vie\u0163ii; Evaluarea calit\u0103\u0163ii vie\u0163ii persoanelor diagnosticate cu schizofrenie.<br><strong>Capitolul III \u2013 Rolul terapiei cognitiv-comportamentale \u00een ameliorarea simptomatologiei din schizofrenie<\/strong>&nbsp;(pp. 33-47)<br>Definirea terapiei cognitive-comportamentale; Eficacitatea terapiei cognitiv-comportamentale la pacien\u0163ii diagnostica\u0163i cu schizofrenie; Terapia cognitiv-comportamental\u0103 pentru \u00eembun\u0103t\u0103\u0163irea calit\u0103\u0163ii vie\u0163ii \u00een schizofrenie; Elemente psihosociale de reabilitare a pacinetului diagnosticat cu schizofrenie.<br><strong>Capitolul IV- Terapia metacognitiv\u0103 interpersonal\u0103<\/strong>&nbsp;(pp. 49-66)<br>No\u0163iuni de baz\u0103 ale terapiei metacognitive interpersonale; Interven\u0163ii bazate pe rela\u0163ia terapeutic\u0103; Ramura dreapt\u0103 a procedurii decizionale; Ramura st\u00e2ng\u0103 a procedurii decizionale.<br><strong>Capitolul V- Terapia sistemic\u0103 a familiilor cu un membru diagnosticat cu schizofrenie<\/strong>&nbsp;(pp. 67-84)<br>Schizofrenia \u2013 tulburare sistemic\u0103 la nivel de individ; Schizofrenia \u2013 tulburare sistemic\u0103 familial\u0103; Abord\u0103rile psihoterapeutice sistemice pentru familiile cu membri schizofrenici; Specificul abord\u0103rii psihoterapiei strategice; Specificul abord\u0103rii psihoterapiei transgenera\u0163ionale; Scurte concluzii critice cu privire la abordarea sistemic\u0103 a familiilor cu un pacient schizofrenic.<br><strong>Capitolul VI -Ajutor Pentru Pacien\u0163i \u2013 Elemente Practice<\/strong>&nbsp;(pp. 85-104)<br>Recunoa\u015fterea simptomelor; Monitorizarea simptomelor; Motivele pentru care ave\u0163i aceste simptome; Cum este afectat creierul \u00een schizofrenie \u015fi tulburarea schizoafectiv\u0103; Evaluarea emo\u0163iilor; Recuperarea; Pericolul rec\u0103derii; Simptomele de avertizare (prodromale); Anxietatea; Depresia; Suicidul \u015fi autoagresiunea; Alcoolul \u015fi consumul de droguri<br><strong>Capitolul VII \u2013 Ajutor Pentu Familie \u2013 Elemente Practice<\/strong>&nbsp;(pp. 105-112)<br>Etapele de evolu\u0163ie prin care trece un pacient diagnosticat cu schizofrenie; Factori de risc pentru rec\u0103dere; Psihoeduca\u0163ia familiei; Tratamentul medicamentos; Neaderen\u0163a la tratamentul medicamentos; Nevoia de educa\u0163ie \u015fi socializare a persoanelor diagnosticate cu schizofrenie<br>Referin\u0163e bibliografice (pp. 113-121)<\/p>\n\n\n\n<p><strong>Recenzie carte<\/strong><\/p>\n\n\n\n<p>APOSTU, IULIAN,&nbsp;Review of the Volume \u201cTr\u0103ind cu schizofrenia\u201d [Living with Schizophrenia], Authors: Eliza Geanina Cogian, Adina Nicoleta Karner Hu\u0163uleac, Lumen Publishing House, 2020<\/p>\n\n\n\n<p>Volumul este un foarte bun reper de informare iar dimensiunile\u00a0analizate surprind \u00eentr-o sintez\u0103 unic\u0103 \u015fi accesibil\u0103 resurse \u015ftiin\u0163ifice din\u00a0domeniul psihologiei, psihoterapiei \u015fi psihiatriei.<\/p>\n\n\n\n<div class=\"wp-block-group\"><div class=\"wp-block-group__inner-container is-layout-flow wp-block-group-is-layout-flow\"><\/div><\/div>\n\n\n\n<p>\u00a0\u201eTr\u0103ind cu schizofrenia\u201d ofer\u0103 o privire cuprinz\u0103toare \u0219i informativ\u0103 asupra schizofreniei, aduc\u00e2nd \u00een discu\u021bie at\u00e2t aspecte teoretice c\u00e2t \u0219i abord\u0103ri practice. Aceast\u0103 carte se constituie ca o resurs\u0103 valoroas\u0103 pentru cei interesa\u021bi s\u0103 \u00een\u021beleag\u0103 mai bine aceast\u0103 tulburare \u0219i s\u0103 ofere sprijin celor afecta\u021bi de ea. <\/p>\n\n\n\n<p>\u201eTr\u0103ind cu schizofrenia\u201d se constituie ca o resurs\u0103 valoroas\u0103 pentru cei interesa\u021bi s\u0103 \u00een\u021beleag\u0103 mai bine schizofrenia din multiple perspective: istoric\u0103, clinic\u0103 \u0219i terapeutic\u0103. Detaliile aduse \u00een discu\u021bie \u0219i abordarea comprehensiv\u0103 fac din aceast\u0103 carte un ghid util pentru pacien\u021bi, familiile lor \u0219i pentru cei care doresc s\u0103 se educe \u00een leg\u0103tur\u0103 cu aceast\u0103 tulburare complex\u0103. <\/p>\n\n\n\n<p>\u201eTr\u0103ind cu schizofrenia\u201d este o carte informativ\u0103 \u0219i profund\u0103, abord\u00e2nd schizofrenia dintr-o varietate de unghiuri. Autorii ofer\u0103 o privire detaliat\u0103 asupra istoriei, diagnosticului, terapiei \u0219i impactului asupra calit\u0103\u021bii vie\u021bii a celor afecta\u021bi de aceast\u0103 tulburare. Aceast\u0103 carte este esen\u021bial\u0103 pentru cei care doresc s\u0103 \u00een\u021beleag\u0103 mai bine schizofrenia \u0219i s\u0103 ofere sprijin persoanelor care tr\u0103iesc cu aceast\u0103 tulburare.<\/p>\n\n\n\n<p><a href=\"https:\/\/recenziicarticlub.wordpress.com\/2023\/08\/15\/recenzie-traind-cu-schizofrenia-de-eliza-geanina-cogian-si-adina-nicoleta-karner-hutuleac\/\" data-type=\"link\" data-id=\"https:\/\/recenziicarticlub.wordpress.com\/2023\/08\/15\/recenzie-traind-cu-schizofrenia-de-eliza-geanina-cogian-si-adina-nicoleta-karner-hutuleac\/\">(Recenzie libr\u0103ria C\u0103rture\u0219ti)<\/a> <\/p>\n\n\n\n<p><strong>Aceast\u0103 carte a fost citat\u0103 \u00een urm\u0103toarele lucr\u0103ri<\/strong><\/p>\n\n\n\n<p>Neculau, M. C. (2020).&nbsp;<a rel=\"noreferrer noopener\" href=\"https:\/\/lumenpublishing.com\/journals\/index.php\/lumenphs\/article\/view\/4237\/2838\" target=\"_blank\">Review of the Book \u201dVocea de la c\u0103p\u0103t\u00e2i. Ghid practic de consiliere psihologic\u0103 la patul bolnavului\u201d [The Bedside Voice. Practical Guide for Psychological Counseling at the Patient\u2019s Bed], Author: Ligia Moise, Lumen Publishing House, 2019<\/a>.&nbsp;<em>Logos Universality Mentality Education Novelty: Philosophy &amp; Humanistic Sciences<\/em>,&nbsp;<em>8<\/em>(2), 118-121<\/p>\n\n\n\n<p>Neculau, M. C. (2020).&nbsp;<a rel=\"noreferrer noopener\" href=\"https:\/\/lumenpublishing.com\/journals\/index.php\/lumenss\/article\/view\/4244\/2842\" target=\"_blank\">Intentional Identities of the Future Nurses in Professional Identity Construction<\/a>.&nbsp;<em>Logos Universality Mentality Education Novelty: Social Sciences<\/em>,&nbsp;<em>9<\/em>(2), 26-43<\/p>\n\n\n\n<p>Apostu, I. (2020).\u00a0<a href=\"https:\/\/lumenpublishing.com\/journals\/index.php\/jess\/article\/view\/4370\/2867\" target=\"_blank\" rel=\"noreferrer noopener\">Review of the Volume \u201cTr\u0103ind cu schizofrenia\u201d [Living with Schizophrenia], Authors: Eliza Geanina Cogian, Adina Nicoleta Karner Hu\u0163uleac, Lumen Publishing House, 2020<\/a>.\u00a0<em>Journal for Ethics in Social Studies<\/em>,\u00a0<em>4<\/em>(1), 138-140.<\/p>\n\n\n\n<p><a href=\"https:\/\/recenziicarticlub.wordpress.com\/2023\/08\/15\/recenzie-traind-cu-schizofrenia-de-eliza-geanina-cogian-si-adina-nicoleta-karner-hutuleac\/\">Recenzie: \u201eTr\u0103ind cu schizofrenia\u201d de Eliza Geanina Cogian \u0219i Adina Nicoleta Karner Hu\u021buleac \u2013 Recenzii despre C\u0103r\u021bi (wordpress.com)<\/a><\/p>\n","protected":false},"excerpt":{"rendered":"<p>\nTr\u0103ind cu schizofrenia, 2020, Eliza Geanina Cogian, Adina Nicoleta Karner Hu\u021buleac, Editura Lumen, Ia\u0219i<\/p>\n<p>Schizofrenia, precum \u015fi alte boli psihice, s-au instalat la om din momentul \u00een care s-a instituit g\u00e2ndirea, con\u015ftiin\u0163a \u015fi limbajul, din momentul dezvolt\u0103rii func\u0163iilor psihice superioare specific umane \u015fi a contur\u0103rii individualit\u0103\u0163ii umane.<\/p>\n<p>Nu <\/p>\n","protected":false},"author":1,"featured_media":0,"parent":0,"menu_order":0,"comment_status":"closed","ping_status":"closed","template":"","meta":{"footnotes":""},"class_list":["post-584","page","type-page","status-publish","hentry"],"jetpack_sharing_enabled":true,"_links":{"self":[{"href":"https:\/\/psihologterapeutiasi.ro\/index.php\/wp-json\/wp\/v2\/pages\/584","targetHints":{"allow":["GET"]}}],"collection":[{"href":"https:\/\/psihologterapeutiasi.ro\/index.php\/wp-json\/wp\/v2\/pages"}],"about":[{"href":"https:\/\/psihologterapeutiasi.ro\/index.php\/wp-json\/wp\/v2\/types\/page"}],"author":[{"embeddable":true,"href":"https:\/\/psihologterapeutiasi.ro\/index.php\/wp-json\/wp\/v2\/users\/1"}],"replies":[{"embeddable":true,"href":"https:\/\/psihologterapeutiasi.ro\/index.php\/wp-json\/wp\/v2\/comments?post=584"}],"version-history":[{"count":16,"href":"https:\/\/psihologterapeutiasi.ro\/index.php\/wp-json\/wp\/v2\/pages\/584\/revisions"}],"predecessor-version":[{"id":672,"href":"https:\/\/psihologterapeutiasi.ro\/index.php\/wp-json\/wp\/v2\/pages\/584\/revisions\/672"}],"wp:attachment":[{"href":"https:\/\/psihologterapeutiasi.ro\/index.php\/wp-json\/wp\/v2\/media?parent=584"}],"curies":[{"name":"wp","href":"https:\/\/api.w.org\/{rel}","templated":true}]}}