{"id":70,"date":"2017-01-15T05:20:58","date_gmt":"2017-01-15T05:20:58","guid":{"rendered":"http:\/\/psihologterapeutiasi.ro\/?page_id=70"},"modified":"2025-04-10T14:23:46","modified_gmt":"2025-04-10T14:23:46","slug":"despre-mine-eliza","status":"publish","type":"page","link":"https:\/\/psihologterapeutiasi.ro\/index.php\/despre-noi\/despre-mine-eliza\/","title":{"rendered":"ELIZA"},"content":{"rendered":"<p><span style=\"font-size: 16px; font-family: Handlee;\"><strong><img loading=\"lazy\" decoding=\"async\" class=\"alignleft wp-image-666 size-medium\" src=\"https:\/\/psihologterapeutiasi.ro\/wp-content\/uploads\/2024\/06\/Eliza-white-backround-225x300.jpg\" alt=\"\" width=\"225\" height=\"300\" srcset=\"https:\/\/psihologterapeutiasi.ro\/wp-content\/uploads\/2024\/06\/Eliza-white-backround-225x300.jpg 225w, https:\/\/psihologterapeutiasi.ro\/wp-content\/uploads\/2024\/06\/Eliza-white-backround-600x800.jpg 600w, https:\/\/psihologterapeutiasi.ro\/wp-content\/uploads\/2024\/06\/Eliza-white-backround-768x1024.jpg 768w, https:\/\/psihologterapeutiasi.ro\/wp-content\/uploads\/2024\/06\/Eliza-white-backround.jpg 960w\" sizes=\"auto, (max-width: 225px) 100vw, 225px\" \/><span style=\"font-size: 20px; font-family: Gabriela;\">Despre mine<\/span><\/strong><\/span><\/p>\n<p><span style=\"font-size: 20px; font-family: Gabriela;\"><span style=\"font-weight: 400;\">Nu de pu\u021bine ori m-am \u00eentrebat, oare de ce majoritatea psihoterapeu\u021bilor au anterior o perioad\u0103 de \u201er\u0103t\u0103cire\u201d? R\u0103spunsul l-am aflat \u00eentreb\u00e2ndu-mi colegii care, unii au suferit mult \u0219i au \u00een\u021beles sensul, iar al\u021bii mi-au spus c\u0103 e o profesie care EA te alege \u0219i nu tu o alegi! M-am \u00eenscris la Facultatea de Economia \u0219i Administrarea Afacerilor \u0219i nu mi-a pl\u0103cut. Nu sim\u021beam nimic\u2026 parc\u0103 eram din piatr\u0103. Apoi am urmat un semestru la Facultatea de Litere \u0219i m-am \u00eengrozit de sistem \u0219i de ceea ce voi fi nevoit\u0103 s\u0103 fac zilnic. Nu puteam \u00een\u021belege ce vreau! \u00cen sf\u00e2r\u0219it, datorit\u0103 unei conjuncturi fericite, busola sufletului mi-a ar\u0103tat \u00een sf\u00e2r\u0219it Nordul Meu! <\/span> <span style=\"font-weight: 400;\">Am urmat cursurile Facult\u0103\u021bii de Psihologie \u0219i \u0218tiin\u021be ale Educa\u021biei \u0219i chiar din anul III m-am \u00eenscris la un master de formare \u00een psihoterapie. Acolo am aflat ce \u00eenseamn\u0103 cu adev\u0103rat psihologia \u0219i ce univers presupune. Pentru c\u0103 mereu am fost curioas\u0103 ce se \u00eent\u00e2mpl\u0103 \u00een psihicul nostru \u0219i m-a fascinat latura patologic\u0103 am hot\u0103r\u00e2t s\u0103 urmez \u0219i masterul \u00een psihologie clinic\u0103. <\/span> <span style=\"font-weight: 400;\">Drumul preg\u0103tirii profesionale a fost cel mai minunat drum parcurs \u0219i sunt m\u00e2ndr\u0103 de realiz\u0103rile mele. \u00cen prezent sunt psiholog clinician \u0219i psihoterapeut sistemic de cuplu \u0219i familie.<\/span> <span style=\"font-weight: 400;\">S\u0103 fii psihoterapeut este o provocare zilnic\u0103: oameni noi, situa\u021bii diferite, tr\u0103iri diverse \u2013 s\u0103 fii curios, s\u0103 r\u00e2zi, s\u0103 pl\u00e2ngi, s\u0103 fii \u0219i p\u0103rinte \u0219i prieten, s\u0103 te mulezi pe felul cum \u00een\u021belege via\u021ba fiecare din cei care intr\u0103 la tine \u00een cabinet. Altfel spus, s\u0103 nu-\u021bi fie fric\u0103 s\u0103 fii om! \u00cen prezent, pe l\u00e2ng\u0103 clien\u021bii care vin \u00een terapie, am bucuria de a lucra cu persoane cu depresie, schizofrenie, cu forme diverse de psihoze. Este o lume fascinant\u0103 s\u0103 cau\u021bi s\u0103 \u00een\u021belegi \u00eentunecimea min\u021bii umane, s\u0103 \u0219tii s\u0103 dai deoparte cortina sufletului, o cortin\u0103 de a c\u0103rei prezen\u021b\u0103 nici m\u0103car clientul nu e con\u0219tient. <\/span> <span style=\"font-weight: 400;\">Satisfac\u021bia profesional\u0103 nu au \u00eent\u00e2rziat s\u0103 apar\u0103: un z\u00e2mbet \u0219i o raz\u0103 de speran\u021b\u0103 pe fa\u021ba persoanelor cu probleme psihiatrice sau clien\u021bi care au pornit pe un drum nou, necunoscut p\u00e2n\u0103 atunci, chiar dup\u0103 c\u00e2teva \u0219edin\u021be,. <\/span> <span style=\"font-weight: 400;\">Le mul\u021bumesc clien\u021bilor mei care m\u0103 ajut\u0103 zi de zi s\u0103 evoluez, vin cu noi \u0219i noi provoc\u0103ri, paradigme \u0219i lumi diverse. Le mul\u021bumesc pentru pove\u0219tile de via\u021b\u0103 \u00eemp\u0103rt\u0103\u0219ite \u0219i pentru \u00eencrederea lor de a-i sprijini \u0219i c\u0103l\u0103uzi pe noul drum.<\/span> <span style=\"font-weight: 400;\">Misiunea mea e clar\u0103: zilnic m\u0103 preg\u0103tesc, \u00eenv\u0103\u021b lucruri noi, particip la sesiuni de specializare, conferin\u021be, scriu articole la reviste de specialitate \u0219i pe blogul meu personal. \u0218i toate astea din respect pentru mine \u0219i clien\u021bii mei care \u00eemi vor p\u0103\u0219i pragul. <\/span><\/span><\/p>\n<p><span style=\"font-weight: 400; font-size: 20px; font-family: Gabriela;\">V\u0103 a\u0219tept cu drag s\u0103 ne cunoa\u0219tem \u0219i s\u0103 lucr\u0103m \u00eempreun\u0103! \u00a0<\/span><\/p>\n<p><span style=\"font-size: 20px; font-family: Gabriela;\"><strong>Preg\u0103tire profesional\u0103<\/strong><\/span><\/p>\n<ul>\n<li style=\"font-weight: 400;\"><span style=\"font-weight: 400; font-size: 20px; font-family: Gabriela;\">Licen\u021biat\u0103 \u00een psihologie \u00een cadrul Facult\u0103\u021bii de Psihologie \u0219i \u0218tiin\u021be ale Educa\u021biei \u2013 Universitatea Al. I. Cuza \u2013 Ia\u0219i.<\/span><\/li>\n<li style=\"font-weight: 400;\"><span style=\"font-weight: 400; font-size: 20px; font-family: Gabriela;\">Master \u00een Psihologie Clinic\u0103 \u0219i Psihoterapie \u00een cadrul Facult\u0103\u021bii de Psihologie \u0219i \u0218tiin\u021be ale Educa\u021biei \u2013 Universitatea Al. I. Cuza \u2013 Ia\u0219i.<\/span><\/li>\n<li style=\"font-weight: 400;\"><span style=\"font-weight: 400; font-size: 20px; font-family: Gabriela;\">Psiholog clinician \u2013 Registrul Unic al Psihologilor cu drept de liber\u0103 practic\u0103 din Rom\u00e2nia \u2013 cod personal 18624.<\/span><\/li>\n<li style=\"font-weight: 400;\"><span style=\"font-weight: 400; font-size: 20px; font-family: Gabriela;\">Psihoterapeut sistemic \u2013 Formare profesional\u0103 \u00een psihoterapie \u0219i terapie sistemic\u0103 de cuplu \u0219i familie, sub egida Institutului de Cercetare \u0219i Studiul Con\u0219tiin\u021bei Cuantice \u2013 I.C.S.C.C. \u2013 Ia\u0219i \u0219i sub egida Institutului Human Center &#8211; Ia\u0219i \u2013 Registrul Unic al Psihologilor cu drept de liber\u0103 practic\u0103 din Rom\u00e2nia \u2013 cod personal 18624.<\/span><\/li>\n<li style=\"font-weight: 400;\"><span style=\"font-weight: 400; font-size: 20px; font-family: Gabriela;\">Dezvoltare Personal\u0103 \u2013 Formare sub egida Institutului Human Center \u2013 Ia\u0219i.<\/span><\/li>\n<li><span style=\"font-family: Gabriela; font-size: 20px;\">Voluntar timp de doi ani \u00een cadrul Penitenciarului de Maxim\u0103 Siguran\u021b\u0103 Ia\u0219i.<\/span><\/li>\n<li><span style=\"font-family: Gabriela; font-size: 20px;\">Voluntar timp de doi ani \u00een cadrul Institutului de Psihiatrie \u201eSocola\u201d Ia\u0219i unde am lucrat preponderent cu persoanele diagnosticate cu schizofrenie.<\/span><\/li>\n<li><span style=\"font-family: Gabriela; font-size: 20px;\">Voluntar timp de un an \u00een cadrul Biroului de asisten\u021b\u0103 social\u0103 a Centrului Eparihal Ia\u0219i unde am lucrat cu persoane diagnosticate cu schizofrenie.<\/span><\/li>\n<li><span style=\"font-family: Gabriela; font-size: 20px;\">Formator cod COR 242401 &#8211; Psi Focus Center Srl.<\/span><\/li>\n<li><span style=\"font-family: Gabriela; font-size: 20px;\">Licen\u021biat\u0103 \u00een folosirea bateriei de teste psihologice acreditate de Colegiul Psihologilor din Rom\u00e2nia.<\/span><\/li>\n<li><span style=\"font-family: Gabriela; font-size: 20px;\">Absolvent\u0103 a cursului de formare continu\u0103 \u201e<em>Interviul copilului \/ martor pentru proceduri judiciare\u201d <\/em>\u00een cadrul Asocia\u021biei de formare, cercetare \u0219i interven\u021bie \u00een \u0219tiin\u021bele psihosociale.<\/span><\/li>\n<li><span style=\"font-family: Gabriela; font-size: 20px;\">Absolvent\u0103 a cursului de formare continu\u0103 \u201e<em>Expertiza psihologic\u0103 a copilului \u0219i a familiei aflate \u00een divor\u021b\u201d <\/em>\u00een cadrul Asocia\u021biei de formare, cercetare \u0219i interven\u021bie \u00een \u0219tiin\u021bele psihosociale.<\/span><\/li>\n<li><span style=\"font-family: Gabriela; font-size: 20px;\">Absolvent\u0103 a cursului de specializare \u00een psiho-oncologie \u00een cadrul Asocia\u021biei pentru dezvoltarea psihologiei.<\/span><\/li>\n<\/ul>\n<p><span style=\"font-family: Gabriela; font-size: 20px;\"><strong>Participare la conferin\u021be na\u021bionale:<\/strong><\/span><\/p>\n<ol>\n<li><span style=\"font-family: Gabriela; font-size: 20px;\"><strong>Conferin\u021bele BookLand Evolution<\/strong>, edi\u021bia a 4-a, cu tema <strong><em>\u201eRela\u021bia obsesiv\u0103 cu tehnologia\u201d<\/em><\/strong><em>, <\/em>2017, Ia\u0219i<\/span><\/li>\n<li><span style=\"font-family: Gabriela; font-size: 20px;\"><strong>Conferin\u021b\u0103 Braining Days<\/strong>, cu tema<em> <strong>\u201eRe\u021belele de socializare \u0219i s\u0103n\u0103tatea mintal\u0103\u201d<\/strong><\/em>, 2019, Ia\u0219i<\/span><\/li>\n<li><span style=\"font-family: Gabriela; font-size: 20px;\"><strong>Podcast Real Talks Romania<\/strong>, cu subiectul <strong><em>\u201eCum gestionezi frica r\u0103zboiului\u201d<\/em><\/strong>, 2022<\/span><\/li>\n<li><span style=\"font-family: Gabriela; font-size: 20px;\"><strong>Conferin\u021ba \u0219tiin\u021bifico \u2013 practic\u0103 interna\u021bional\u0103<\/strong> <em>\u201eBolile netransmisibile \u0219i reducerea riscurilor \u00een domeniul s\u0103n\u0103t\u0103\u021bii\u201d, <\/em>cu tema <strong>\u201e<em>Terapia dependen\u021bei de substan\u021be. Tehnici terapeutice de interven\u021bie<\/em>\u201d<\/strong>, septembrie 2023, Chi\u0219in\u0103u<\/span><\/li>\n<li><span style=\"font-family: Gabriela; font-size: 20px;\"><strong>BZI, \u201eFenomenul de bullying din ce \u00een ce mai frecvent \u00een unit\u0103\u021bile de \u00eenv\u0103\u021b\u0103m\u00e2nt\u201d,\u00a0<\/strong>septembrie 2024<\/span><\/li>\n<li><span style=\"font-family: Gabriela; font-size: 20px;\"><strong>Conferin\u021ba \u0219tiin\u021bifico \u2013 practic\u0103 interna\u021bional\u0103<\/strong> <em>\u201eBolile netransmisibile \u0219i reducerea riscurilor \u00een domeniul s\u0103n\u0103t\u0103\u021bii\u201d, <\/em>cu tema <strong>\u201e<em>Tehnici terapeutice de interven\u021bie \u00een abuzul de substan\u021be<\/em>\u201d<\/strong>, noiembrie 2024, Ia\u0219i<\/span><\/li>\n<li><span style=\"font-family: Gabriela; font-size: 20px;\"><strong>BZI, \u201eDespre femeia secolului XXI \u0219i cum este ea perceput\u0103 \u00een societatea actual\u0103\u201d, <\/strong>martie 2025<\/span><\/li>\n<li><span style=\"font-family: Gabriela; font-size: 20px;\"><strong>Workshop MIND ASPP, \u201eDrumul spre libertate. Prevenirea \u0219i dep\u0103\u0219irea adic\u021biilor\u201d, <\/strong>aprilie 2025, Ia\u0219i<\/span><\/li>\n<\/ol>\n<p><span style=\"font-family: Gabriela; font-size: 20px;\"><strong>Articole de specialitate publicate:<\/strong><\/span><\/p>\n<ul>\n<li><span style=\"font-family: Gabriela; font-size: 20px;\">Articole de specialitate scrise pentru <em>Revista Psychologies Rom\u00e2nia <\/em><\/span><\/li>\n<li><span style=\"font-family: Gabriela; font-size: 20px;\">Articole de specialitate scrise pentru<em> Ziarul de Ia\u0219i<\/em><\/span><\/li>\n<\/ul>\n<p><span style=\"font-family: Gabriela; font-size: 20px;\"><strong>C\u0103r\u021bi publicate:<\/strong><\/span><\/p>\n<p><span style=\"font-family: Gabriela; font-size: 20px;\">Cogian E.G., Karner-Hu\u021buleac A.N.,<em> Tr\u0103ind cu schizofrenia<\/em>, Editura Lumen, 2021<\/span><\/p>\n<p><span style=\"font-size: 20px; font-family: Gabriela;\"><strong>Afilieri<\/strong><\/span><\/p>\n<ul>\n<li style=\"font-weight: 400;\"><span style=\"font-weight: 400; font-size: 20px; font-family: Gabriela;\">Membru al Colegiului Psihologilor din Rom\u00e2nia \u2013 COPSI \u2013 cod unic de \u00eenregistrare \u00een Registrul Unic al Psihologilor 18624 \u2013 atestat de Colegiul Psihologilor din Rom\u00e2nia.<\/span><\/li>\n<\/ul>\n","protected":false},"excerpt":{"rendered":"<p>Despre mine<br \/>\nNu de pu\u021bine ori m-am \u00eentrebat, oare de ce majoritatea psihoterapeu\u021bilor au anterior o perioad\u0103 de \u201er\u0103t\u0103cire\u201d? R\u0103spunsul l-am aflat \u00eentreb\u00e2ndu-mi colegii care, unii au suferit mult \u0219i au \u00een\u021beles sensul, iar al\u021bii mi-au spus c\u0103 e o profesie care EA te alege \u0219i nu tu o alegi! M-am \u00eenscris la Facultatea de <\/p>\n","protected":false},"author":1,"featured_media":0,"parent":27,"menu_order":0,"comment_status":"closed","ping_status":"closed","template":"","meta":{"footnotes":""},"class_list":["post-70","page","type-page","status-publish","hentry"],"jetpack_sharing_enabled":true,"_links":{"self":[{"href":"https:\/\/psihologterapeutiasi.ro\/index.php\/wp-json\/wp\/v2\/pages\/70","targetHints":{"allow":["GET"]}}],"collection":[{"href":"https:\/\/psihologterapeutiasi.ro\/index.php\/wp-json\/wp\/v2\/pages"}],"about":[{"href":"https:\/\/psihologterapeutiasi.ro\/index.php\/wp-json\/wp\/v2\/types\/page"}],"author":[{"embeddable":true,"href":"https:\/\/psihologterapeutiasi.ro\/index.php\/wp-json\/wp\/v2\/users\/1"}],"replies":[{"embeddable":true,"href":"https:\/\/psihologterapeutiasi.ro\/index.php\/wp-json\/wp\/v2\/comments?post=70"}],"version-history":[{"count":10,"href":"https:\/\/psihologterapeutiasi.ro\/index.php\/wp-json\/wp\/v2\/pages\/70\/revisions"}],"predecessor-version":[{"id":817,"href":"https:\/\/psihologterapeutiasi.ro\/index.php\/wp-json\/wp\/v2\/pages\/70\/revisions\/817"}],"up":[{"embeddable":true,"href":"https:\/\/psihologterapeutiasi.ro\/index.php\/wp-json\/wp\/v2\/pages\/27"}],"wp:attachment":[{"href":"https:\/\/psihologterapeutiasi.ro\/index.php\/wp-json\/wp\/v2\/media?parent=70"}],"curies":[{"name":"wp","href":"https:\/\/api.w.org\/{rel}","templated":true}]}}